{"id":29,"date":"2023-10-19T11:30:34","date_gmt":"2023-10-19T11:30:34","guid":{"rendered":"https:\/\/ial.se\/blog\/"},"modified":"2026-04-07T14:15:35","modified_gmt":"2026-04-07T12:15:35","slug":"blogg","status":"publish","type":"page","link":"https:\/\/ial.se\/en\/blogg\/","title":{"rendered":"Blog"},"content":{"rendered":"<div data-elementor-type=\"wp-page\" data-elementor-id=\"29\" class=\"elementor elementor-29\">\n\t\t\t\t<div class=\"elementor-element elementor-element-3e1a46b e-con-full e-flex e-con e-parent\" data-id=\"3e1a46b\" data-element_type=\"container\" data-e-type=\"container\">\n\t\t<div class=\"elementor-element elementor-element-3981789 e-con-full mx-width e-flex e-con e-child\" data-id=\"3981789\" data-element_type=\"container\" data-e-type=\"container\">\n\t\t<div class=\"elementor-element elementor-element-1c3d383 e-con-full e-flex e-con e-child\" data-id=\"1c3d383\" data-element_type=\"container\" data-e-type=\"container\">\n\t\t\t\t<div class=\"elementor-element elementor-element-eddf9f9 elementor-widget elementor-widget-heading\" data-id=\"eddf9f9\" data-element_type=\"widget\" data-e-type=\"widget\" data-widget_type=\"heading.default\">\n\t\t\t\t\t<h2 class=\"elementor-heading-title elementor-size-default\">Blog<\/h2>\t\t\t\t<\/div>\n\t\t\t\t<div class=\"elementor-element elementor-element-156cbfc elementor-widget elementor-widget-text-editor\" data-id=\"156cbfc\" data-element_type=\"widget\" data-e-type=\"widget\" data-widget_type=\"text-editor.default\">\n\t\t\t\t\t\t\t\t\tWelcome to the blog. Here you will find out about current events of IAL.\t\t\t\t\t\t\t\t<\/div>\n\t\t\t\t<\/div>\n\t\t\t\t<div class=\"elementor-element elementor-element-7971640 raven-advaned-posts-equal-height-yes raven-hover-scale-up elementor-widget elementor-widget-raven-advanced-posts\" data-id=\"7971640\" data-element_type=\"widget\" data-e-type=\"widget\" data-settings=\"{&quot;query_posts_per_page&quot;:-1,&quot;featured_image_hover&quot;:&quot;scale-up&quot;,&quot;show_sortable&quot;:&quot;yes&quot;,&quot;general_layout&quot;:&quot;grid&quot;,&quot;columns&quot;:&quot;3&quot;,&quot;columns_tablet&quot;:&quot;2&quot;,&quot;columns_mobile&quot;:&quot;1&quot;,&quot;show_all_title&quot;:&quot;yes&quot;,&quot;query_orderby&quot;:&quot;date&quot;,&quot;query_offset&quot;:0}\" data-widget_type=\"raven-advanced-posts.default\">\n\t\t\t\t<div class=\"elementor-widget-container\">\n\t\t\t\t\t\t\t<div class=\"raven-posts raven-posts-grid\">\n\t\t\t<div class=\"raven-sortable\"><div class=\"raven-sortable-items\"><a class=\"raven-sortable-item raven-sortable-active\" data-category=\"-1\" href=\"#\">All<\/a><a class=\"raven-sortable-item\" data-category=\"52\" href=\"#\">Erasmus+<\/a><a class=\"raven-sortable-item\" data-category=\"51\" href=\"#\">Events<\/a><a class=\"raven-sortable-item\" data-category=\"50\" href=\"#\">IAL<\/a><a class=\"raven-sortable-item\" data-category=\"55\" href=\"#\">SCI<\/a><a class=\"raven-sortable-item\" data-category=\"53\" href=\"#\">Workcamps<\/a><\/div><span class=\"raven-posts-sortable-preloader\"><\/span><\/div>\t\t\t<div class=\"advanced-posts-content content-layout-under-image raven-grid raven-grid-3 raven-grid-mobile-1 raven-grid-tablet-2 scale-up\" data-post-id=\"29\" data-archive-query=\"\">\n\t\t\t\t<div class=\"raven-posts-item raven-grid-item\"><div class=\"raven-post-wrapper\"><div class=\"raven-post\"><div class=\"raven-post-image-wrap\"><a class=\"raven-post-image raven-image-fit\" href=\"https:\/\/ial.se\/en\/2026\/04\/07\/maja-om-volontarlager-i-akizugawa-japan\/\"> <img fetchpriority=\"high\" decoding=\"async\" width=\"1024\" height=\"769\" src=\"https:\/\/ial.se\/wp-content\/uploads\/2026\/02\/IAL_Japan_05-1024x769.webp\" class=\"attachment-large size-large wp-image-2758\" alt=\"\" srcset=\"https:\/\/ial.se\/wp-content\/uploads\/2026\/02\/IAL_Japan_05-1024x769.webp 1024w, https:\/\/ial.se\/wp-content\/uploads\/2026\/02\/IAL_Japan_05-300x225.webp 300w, https:\/\/ial.se\/wp-content\/uploads\/2026\/02\/IAL_Japan_05-768x577.webp 768w, https:\/\/ial.se\/wp-content\/uploads\/2026\/02\/IAL_Japan_05-16x12.webp 16w, https:\/\/ial.se\/wp-content\/uploads\/2026\/02\/IAL_Japan_05.webp 1052w\" sizes=\"(max-width: 1024px) 100vw, 1024px\" \/><span class=\"raven-post-image-overlay\"><\/span><\/a><\/div><div class=\"raven-post-content-container\"><div class=\"raven-post-content\" data-id=\"2682\"><div class=\"raven-post-meta\"><a class=\"raven-post-meta-item raven-post-date\" href=\"https:\/\/ial.se\/en\/2026\/04\/\" rel=\"bookmark\">2026\/04\/07<\/a>\n<span class=\"raven-post-meta-divider\">|<\/span>\n<span class=\"raven-post-meta-item raven-post-categories\"><a href=\"https:\/\/ial.se\/en\/category\/volontarlager\/\" rel=\"tag\">Workcamps<\/a><\/span><\/div><h3 class=\"raven-post-title\"><a class=\"raven-post-title-link\" href=\"https:\/\/ial.se\/en\/2026\/04\/07\/maja-om-volontarlager-i-akizugawa-japan\/\">Maja om volont\u00e4rl\u00e4ger i Akizugawa, Japan<\/a><\/h3><div class=\"raven-post-excerpt\">I juni deltog Maja i ett volont\u00e4rl\u00e4ger i Akizugawa, Japan, d\u00e4r hon hj\u00e4lpte lokala b\u00f6nder med ume-sk\u00f6rden. Tio dagar gav henne en unik inblick i livet p\u00e5 den japanska landsbygden.<\/div><\/div><\/div><\/div><\/div><\/div><div class=\"raven-posts-item raven-grid-item\"><div class=\"raven-post-wrapper\"><div class=\"raven-post\"><div class=\"raven-post-image-wrap\"><a class=\"raven-post-image raven-image-fit\" href=\"https:\/\/ial.se\/en\/2026\/04\/07\/kanner-du-nagon-som-skulle-vilja-delta-i-volontarlagret\/\"> <img decoding=\"async\" width=\"1024\" height=\"768\" src=\"https:\/\/ial.se\/wp-content\/uploads\/2025\/09\/Backedal_2025_05-1024x768.jpg\" class=\"attachment-large size-large wp-image-2247\" alt=\"\" srcset=\"https:\/\/ial.se\/wp-content\/uploads\/2025\/09\/Backedal_2025_05-1024x768.jpg 1024w, https:\/\/ial.se\/wp-content\/uploads\/2025\/09\/Backedal_2025_05-300x225.jpg 300w, https:\/\/ial.se\/wp-content\/uploads\/2025\/09\/Backedal_2025_05-768x576.jpg 768w, https:\/\/ial.se\/wp-content\/uploads\/2025\/09\/Backedal_2025_05-1536x1152.jpg 1536w, https:\/\/ial.se\/wp-content\/uploads\/2025\/09\/Backedal_2025_05-2048x1536.jpg 2048w\" sizes=\"(max-width: 1024px) 100vw, 1024px\" \/><span class=\"raven-post-image-overlay\"><\/span><\/a><\/div><div class=\"raven-post-content-container\"><div class=\"raven-post-content\" data-id=\"2739\"><div class=\"raven-post-meta\"><a class=\"raven-post-meta-item raven-post-date\" href=\"https:\/\/ial.se\/en\/2026\/04\/\" rel=\"bookmark\">2026\/04\/07<\/a>\n<span class=\"raven-post-meta-divider\">|<\/span>\n<span class=\"raven-post-meta-item raven-post-categories\"><a href=\"https:\/\/ial.se\/en\/category\/volontarlager\/\" rel=\"tag\">Workcamps<\/a><\/span><\/div><h3 class=\"raven-post-title\"><a class=\"raven-post-title-link\" href=\"https:\/\/ial.se\/en\/2026\/04\/07\/kanner-du-nagon-som-skulle-vilja-delta-i-volontarlagret\/\">Do you know someone who would like to participate in the volunteer camp?<\/a><\/h3><div class=\"raven-post-excerpt\">Do you know someone who wants to travel abroad, meet people from all over the world, and do volunteer work? Help us spread the word.<\/div><\/div><\/div><\/div><\/div><\/div><div class=\"raven-posts-item raven-grid-item\"><div class=\"raven-post-wrapper\"><div class=\"raven-post\"><div class=\"raven-post-image-wrap\"><a class=\"raven-post-image raven-image-fit\" href=\"https:\/\/ial.se\/en\/2026\/03\/28\/vi-soker-en-lagerledare-till-ett-volontarlager-i-harjedalen-i-sommar\/\"> <img decoding=\"async\" width=\"1024\" height=\"768\" src=\"https:\/\/ial.se\/wp-content\/uploads\/2026\/03\/Backedal2025_01-1024x768.webp\" class=\"attachment-large size-large wp-image-2724\" alt=\"\" srcset=\"https:\/\/ial.se\/wp-content\/uploads\/2026\/03\/Backedal2025_01-1024x768.webp 1024w, https:\/\/ial.se\/wp-content\/uploads\/2026\/03\/Backedal2025_01-300x225.webp 300w, https:\/\/ial.se\/wp-content\/uploads\/2026\/03\/Backedal2025_01-768x576.webp 768w, https:\/\/ial.se\/wp-content\/uploads\/2026\/03\/Backedal2025_01-1536x1152.webp 1536w, https:\/\/ial.se\/wp-content\/uploads\/2026\/03\/Backedal2025_01-2048x1536.webp 2048w, https:\/\/ial.se\/wp-content\/uploads\/2026\/03\/Backedal2025_01-16x12.webp 16w\" sizes=\"(max-width: 1024px) 100vw, 1024px\" \/><span class=\"raven-post-image-overlay\"><\/span><\/a><\/div><div class=\"raven-post-content-container\"><div class=\"raven-post-content\" data-id=\"2722\"><div class=\"raven-post-meta\"><a class=\"raven-post-meta-item raven-post-date\" href=\"https:\/\/ial.se\/en\/2026\/03\/\" rel=\"bookmark\">2026\/03\/28<\/a>\n<span class=\"raven-post-meta-divider\">|<\/span>\n<span class=\"raven-post-meta-item raven-post-categories\"><a href=\"https:\/\/ial.se\/en\/category\/volontarlager\/\" rel=\"tag\">Workcamps<\/a><\/span><\/div><h3 class=\"raven-post-title\"><a class=\"raven-post-title-link\" href=\"https:\/\/ial.se\/en\/2026\/03\/28\/vi-soker-en-lagerledare-till-ett-volontarlager-i-harjedalen-i-sommar\/\">Vi s\u00f6ker en l\u00e4gerledare till ett volont\u00e4rl\u00e4ger i H\u00e4rjedalen i sommar<\/a><\/h3><div class=\"raven-post-excerpt\">Vi s\u00f6ker en l\u00e4gerledare till sommarens volont\u00e4rl\u00e4ger (13\u201326 juni 2026), tv\u00e5 veckor av gemenskap, natur och volont\u00e4rarbete tillsammans med deltagare fr\u00e5n hela v\u00e4rlden.<\/div><\/div><\/div><\/div><\/div><\/div><div class=\"raven-posts-item raven-grid-item\"><div class=\"raven-post-wrapper\"><div class=\"raven-post\"><div class=\"raven-post-image-wrap\"><a class=\"raven-post-image raven-image-fit\" href=\"https:\/\/ial.se\/en\/2026\/03\/24\/hjalp-oss-rusta-upp-bredsjo-kulturkooperativ\/\"> <img loading=\"lazy\" decoding=\"async\" width=\"1024\" height=\"606\" src=\"https:\/\/ial.se\/wp-content\/uploads\/2026\/03\/Bredsjo_Kulturkooperativ-1024x606.webp\" class=\"attachment-large size-large wp-image-2729\" alt=\"\" srcset=\"https:\/\/ial.se\/wp-content\/uploads\/2026\/03\/Bredsjo_Kulturkooperativ-1024x606.webp 1024w, https:\/\/ial.se\/wp-content\/uploads\/2026\/03\/Bredsjo_Kulturkooperativ-300x178.webp 300w, https:\/\/ial.se\/wp-content\/uploads\/2026\/03\/Bredsjo_Kulturkooperativ-768x454.webp 768w, https:\/\/ial.se\/wp-content\/uploads\/2026\/03\/Bredsjo_Kulturkooperativ-1536x909.webp 1536w, https:\/\/ial.se\/wp-content\/uploads\/2026\/03\/Bredsjo_Kulturkooperativ-18x12.webp 18w, https:\/\/ial.se\/wp-content\/uploads\/2026\/03\/Bredsjo_Kulturkooperativ.webp 1712w\" sizes=\"(max-width: 1024px) 100vw, 1024px\" \/><span class=\"raven-post-image-overlay\"><\/span><\/a><\/div><div class=\"raven-post-content-container\"><div class=\"raven-post-content\" data-id=\"2728\"><div class=\"raven-post-meta\"><a class=\"raven-post-meta-item raven-post-date\" href=\"https:\/\/ial.se\/en\/2026\/03\/\" rel=\"bookmark\">2026\/03\/24<\/a>\n<span class=\"raven-post-meta-divider\">|<\/span>\n<span class=\"raven-post-meta-item raven-post-categories\"><a href=\"https:\/\/ial.se\/en\/category\/evenemang\/\" rel=\"tag\">Events<\/a><\/span><\/div><h3 class=\"raven-post-title\"><a class=\"raven-post-title-link\" href=\"https:\/\/ial.se\/en\/2026\/03\/24\/hjalp-oss-rusta-upp-bredsjo-kulturkooperativ\/\">Hj\u00e4lp oss rusta upp Bredsj\u00f6 Kulturkooperativ<\/a><\/h3><div class=\"raven-post-excerpt\">V\u00e4lkommen till en fredsvolont\u00e4rhelg p\u00e5 Bredsj\u00f6 Kulturkooperativ d\u00e4r vi tillsammans rustar upp stationshuset genom praktiskt arbete, kreativitet och samtal om fred.<\/div><\/div><\/div><\/div><\/div><\/div><div class=\"raven-posts-item raven-grid-item\"><div class=\"raven-post-wrapper\"><div class=\"raven-post\"><div class=\"raven-post-image-wrap\"><a class=\"raven-post-image raven-image-fit\" href=\"https:\/\/ial.se\/en\/2026\/03\/16\/dags-for-arsmote-med-ial\/\"> <img loading=\"lazy\" decoding=\"async\" width=\"1024\" height=\"768\" src=\"https:\/\/ial.se\/wp-content\/uploads\/2026\/03\/hander-1024x768.jpg\" class=\"attachment-large size-large wp-image-2693\" alt=\"\" srcset=\"https:\/\/ial.se\/wp-content\/uploads\/2026\/03\/hander-1024x768.jpg 1024w, https:\/\/ial.se\/wp-content\/uploads\/2026\/03\/hander-300x225.jpg 300w, https:\/\/ial.se\/wp-content\/uploads\/2026\/03\/hander-768x576.jpg 768w, https:\/\/ial.se\/wp-content\/uploads\/2026\/03\/hander-16x12.jpg 16w, https:\/\/ial.se\/wp-content\/uploads\/2026\/03\/hander.jpg 1280w\" sizes=\"(max-width: 1024px) 100vw, 1024px\" \/><span class=\"raven-post-image-overlay\"><\/span><\/a><\/div><div class=\"raven-post-content-container\"><div class=\"raven-post-content\" data-id=\"2695\"><div class=\"raven-post-meta\"><a class=\"raven-post-meta-item raven-post-date\" href=\"https:\/\/ial.se\/en\/2026\/03\/\" rel=\"bookmark\">2026\/03\/16<\/a>\n<span class=\"raven-post-meta-divider\">|<\/span>\n<span class=\"raven-post-meta-item raven-post-categories\"><a href=\"https:\/\/ial.se\/en\/category\/evenemang\/\" rel=\"tag\">Events<\/a><\/span><\/div><h3 class=\"raven-post-title\"><a class=\"raven-post-title-link\" href=\"https:\/\/ial.se\/en\/2026\/03\/16\/dags-for-arsmote-med-ial\/\">Dags f\u00f6r \u00e5rsm\u00f6te med IAL<\/a><\/h3><div class=\"raven-post-excerpt\">Varmt v\u00e4lkommen till \u00e5rsm\u00f6te. Vi ses digitalt s\u00f6ndag den 22 mars kl. 16.30\u201318.30.<\/div><\/div><\/div><\/div><\/div><\/div><div class=\"raven-posts-item raven-grid-item\"><div class=\"raven-post-wrapper\"><div class=\"raven-post\"><div class=\"raven-post-image-wrap\"><a class=\"raven-post-image raven-image-fit\" href=\"https:\/\/ial.se\/en\/2026\/01\/21\/arskronika-2025-for-ial\/\"> <img loading=\"lazy\" decoding=\"async\" width=\"1024\" height=\"768\" src=\"https:\/\/ial.se\/wp-content\/uploads\/2025\/12\/Inspirationsdag_2025_06-1024x768.png\" class=\"attachment-large size-large wp-image-2630\" alt=\"\" srcset=\"https:\/\/ial.se\/wp-content\/uploads\/2025\/12\/Inspirationsdag_2025_06-1024x768.png 1024w, https:\/\/ial.se\/wp-content\/uploads\/2025\/12\/Inspirationsdag_2025_06-300x225.png 300w, https:\/\/ial.se\/wp-content\/uploads\/2025\/12\/Inspirationsdag_2025_06-768x576.png 768w, https:\/\/ial.se\/wp-content\/uploads\/2025\/12\/Inspirationsdag_2025_06-1536x1152.png 1536w, https:\/\/ial.se\/wp-content\/uploads\/2025\/12\/Inspirationsdag_2025_06-16x12.png 16w, https:\/\/ial.se\/wp-content\/uploads\/2025\/12\/Inspirationsdag_2025_06.png 2048w\" sizes=\"(max-width: 1024px) 100vw, 1024px\" \/><span class=\"raven-post-image-overlay\"><\/span><\/a><\/div><div class=\"raven-post-content-container\"><div class=\"raven-post-content\" data-id=\"2646\"><div class=\"raven-post-meta\"><a class=\"raven-post-meta-item raven-post-date\" href=\"https:\/\/ial.se\/en\/2026\/01\/\" rel=\"bookmark\">2026\/01\/21<\/a>\n<span class=\"raven-post-meta-divider\">|<\/span>\n<span class=\"raven-post-meta-item raven-post-categories\"><a href=\"https:\/\/ial.se\/en\/category\/ial\/\" rel=\"tag\">IAL<\/a><\/span><\/div><h3 class=\"raven-post-title\"><a class=\"raven-post-title-link\" href=\"https:\/\/ial.se\/en\/2026\/01\/21\/arskronika-2025-for-ial\/\">Annual Report 2025 for IAL<\/a><\/h3><div class=\"raven-post-excerpt\">2025 has been a year full of activities for IAL. We organised two volunteer camps, an inspiration day, a digital meeting and worked closely with SCI.<\/div><\/div><\/div><\/div><\/div><\/div><div class=\"raven-posts-item raven-grid-item\"><div class=\"raven-post-wrapper\"><div class=\"raven-post\"><div class=\"raven-post-image-wrap\"><a class=\"raven-post-image raven-image-fit\" href=\"https:\/\/ial.se\/en\/2025\/12\/04\/inspirationstraff-med-ial-den-24-januari\/\"> <img loading=\"lazy\" decoding=\"async\" width=\"1024\" height=\"768\" src=\"https:\/\/ial.se\/wp-content\/uploads\/2025\/12\/Inspirationsdag_2025_04-1024x768.png\" class=\"attachment-large size-large wp-image-2628\" alt=\"\" srcset=\"https:\/\/ial.se\/wp-content\/uploads\/2025\/12\/Inspirationsdag_2025_04-1024x768.png 1024w, https:\/\/ial.se\/wp-content\/uploads\/2025\/12\/Inspirationsdag_2025_04-300x225.png 300w, https:\/\/ial.se\/wp-content\/uploads\/2025\/12\/Inspirationsdag_2025_04-768x576.png 768w, https:\/\/ial.se\/wp-content\/uploads\/2025\/12\/Inspirationsdag_2025_04-1536x1152.png 1536w, https:\/\/ial.se\/wp-content\/uploads\/2025\/12\/Inspirationsdag_2025_04-16x12.png 16w, https:\/\/ial.se\/wp-content\/uploads\/2025\/12\/Inspirationsdag_2025_04.png 2048w\" sizes=\"(max-width: 1024px) 100vw, 1024px\" \/><span class=\"raven-post-image-overlay\"><\/span><\/a><\/div><div class=\"raven-post-content-container\"><div class=\"raven-post-content\" data-id=\"2598\"><div class=\"raven-post-meta\"><a class=\"raven-post-meta-item raven-post-date\" href=\"https:\/\/ial.se\/en\/2025\/12\/\" rel=\"bookmark\">2025\/12\/04<\/a>\n<span class=\"raven-post-meta-divider\">|<\/span>\n<span class=\"raven-post-meta-item raven-post-categories\"><a href=\"https:\/\/ial.se\/en\/category\/evenemang\/\" rel=\"tag\">Events<\/a><\/span><\/div><h3 class=\"raven-post-title\"><a class=\"raven-post-title-link\" href=\"https:\/\/ial.se\/en\/2025\/12\/04\/inspirationstraff-med-ial-den-24-januari\/\">Inspiration Afternoon With IAL on January 24th<\/a><\/h3><div class=\"raven-post-excerpt\">On Saturday, January 24, 2026, from 1\u20136 p.m., we will meet in Stockholm for an inspiration afternoon with IAL.<\/div><\/div><\/div><\/div><\/div><\/div><div class=\"raven-posts-item raven-grid-item\"><div class=\"raven-post-wrapper\"><div class=\"raven-post\"><div class=\"raven-post-image-wrap\"><a class=\"raven-post-image raven-image-fit\" href=\"https:\/\/ial.se\/en\/2025\/10\/19\/wiktoria-om-volontarlager-i-backedals-folkhogskola\/\"> <img loading=\"lazy\" decoding=\"async\" width=\"1024\" height=\"768\" src=\"https:\/\/ial.se\/wp-content\/uploads\/2025\/09\/Backedal_2025_01-1024x768.jpg\" class=\"attachment-large size-large wp-image-2062\" alt=\"\" srcset=\"https:\/\/ial.se\/wp-content\/uploads\/2025\/09\/Backedal_2025_01-1024x768.jpg 1024w, https:\/\/ial.se\/wp-content\/uploads\/2025\/09\/Backedal_2025_01-300x225.jpg 300w, https:\/\/ial.se\/wp-content\/uploads\/2025\/09\/Backedal_2025_01-768x576.jpg 768w, https:\/\/ial.se\/wp-content\/uploads\/2025\/09\/Backedal_2025_01-1536x1152.jpg 1536w, https:\/\/ial.se\/wp-content\/uploads\/2025\/09\/Backedal_2025_01-2048x1536.jpg 2048w\" sizes=\"(max-width: 1024px) 100vw, 1024px\" \/><span class=\"raven-post-image-overlay\"><\/span><\/a><\/div><div class=\"raven-post-content-container\"><div class=\"raven-post-content\" data-id=\"2366\"><div class=\"raven-post-meta\"><a class=\"raven-post-meta-item raven-post-date\" href=\"https:\/\/ial.se\/en\/2025\/10\/\" rel=\"bookmark\">2025\/10\/19<\/a>\n<span class=\"raven-post-meta-divider\">|<\/span>\n<span class=\"raven-post-meta-item raven-post-categories\"><a href=\"https:\/\/ial.se\/en\/category\/volontarlager\/\" rel=\"tag\">Workcamps<\/a><\/span><\/div><h3 class=\"raven-post-title\"><a class=\"raven-post-title-link\" href=\"https:\/\/ial.se\/en\/2025\/10\/19\/wiktoria-om-volontarlager-i-backedals-folkhogskola\/\">Wiktoria About Volunteer Camp at B\u00e4ckedals Folk High School<\/a><\/h3><div class=\"raven-post-excerpt\">Between June 15 and 27, 2025, Wiktoria led the summer camp at B\u00e4ckedals Folk High School. Today she will share her thoughts and experiences.<\/div><\/div><\/div><\/div><\/div><\/div><div class=\"raven-posts-item raven-grid-item\"><div class=\"raven-post-wrapper\"><div class=\"raven-post\"><div class=\"raven-post-image-wrap\"><a class=\"raven-post-image raven-image-fit\" href=\"https:\/\/ial.se\/en\/2025\/09\/29\/tanya-om-epm-i-bonn-tyskland-29-09-05-10\/\"> <img loading=\"lazy\" decoding=\"async\" width=\"1024\" height=\"768\" src=\"https:\/\/ial.se\/wp-content\/uploads\/2025\/09\/EPM_Bonn-1024x768.jpg\" class=\"attachment-large size-large wp-image-2406\" alt=\"\" srcset=\"https:\/\/ial.se\/wp-content\/uploads\/2025\/09\/EPM_Bonn-1024x768.jpg 1024w, https:\/\/ial.se\/wp-content\/uploads\/2025\/09\/EPM_Bonn-300x225.jpg 300w, https:\/\/ial.se\/wp-content\/uploads\/2025\/09\/EPM_Bonn-768x576.jpg 768w, https:\/\/ial.se\/wp-content\/uploads\/2025\/09\/EPM_Bonn-16x12.jpg 16w, https:\/\/ial.se\/wp-content\/uploads\/2025\/09\/EPM_Bonn.jpg 1440w\" sizes=\"(max-width: 1024px) 100vw, 1024px\" \/><span class=\"raven-post-image-overlay\"><\/span><\/a><\/div><div class=\"raven-post-content-container\"><div class=\"raven-post-content\" data-id=\"2404\"><div class=\"raven-post-meta\"><a class=\"raven-post-meta-item raven-post-date\" href=\"https:\/\/ial.se\/en\/2025\/09\/\" rel=\"bookmark\">2025\/09\/29<\/a>\n<span class=\"raven-post-meta-divider\">|<\/span>\n<span class=\"raven-post-meta-item raven-post-categories\"><a href=\"https:\/\/ial.se\/en\/category\/sci\/\" rel=\"tag\">SCI<\/a><\/span><\/div><h3 class=\"raven-post-title\"><a class=\"raven-post-title-link\" href=\"https:\/\/ial.se\/en\/2025\/09\/29\/tanya-om-epm-i-bonn-tyskland-29-09-05-10\/\">Tanya About EPM in Bonn, Germany (29\/09\u201305\/10)<\/a><\/h3><div class=\"raven-post-excerpt\">SCI's branches meet in Bonn to exchange experiences, discuss the future and strengthen peace work.<\/div><\/div><\/div><\/div><\/div><\/div><div class=\"raven-posts-item raven-grid-item\"><div class=\"raven-post-wrapper\"><div class=\"raven-post\"><div class=\"raven-post-image-wrap\"><a class=\"raven-post-image raven-image-fit\" href=\"https:\/\/ial.se\/en\/2025\/09\/13\/tanyas-vittnesmal-om-utbildningen-i-bryssel\/\"> <img loading=\"lazy\" decoding=\"async\" width=\"1024\" height=\"768\" src=\"https:\/\/ial.se\/wp-content\/uploads\/2025\/09\/UtbildningBryssel_01-1024x768.jpg\" class=\"attachment-large size-large wp-image-2155\" alt=\"\" srcset=\"https:\/\/ial.se\/wp-content\/uploads\/2025\/09\/UtbildningBryssel_01-1024x768.jpg 1024w, https:\/\/ial.se\/wp-content\/uploads\/2025\/09\/UtbildningBryssel_01-300x225.jpg 300w, https:\/\/ial.se\/wp-content\/uploads\/2025\/09\/UtbildningBryssel_01-768x576.jpg 768w, https:\/\/ial.se\/wp-content\/uploads\/2025\/09\/UtbildningBryssel_01-1536x1152.jpg 1536w, https:\/\/ial.se\/wp-content\/uploads\/2025\/09\/UtbildningBryssel_01.jpg 2048w\" sizes=\"(max-width: 1024px) 100vw, 1024px\" \/><span class=\"raven-post-image-overlay\"><\/span><\/a><\/div><div class=\"raven-post-content-container\"><div class=\"raven-post-content\" data-id=\"2154\"><div class=\"raven-post-meta\"><a class=\"raven-post-meta-item raven-post-date\" href=\"https:\/\/ial.se\/en\/2025\/09\/\" rel=\"bookmark\">2025\/09\/13<\/a>\n<span class=\"raven-post-meta-divider\">|<\/span>\n<span class=\"raven-post-meta-item raven-post-categories\"><a href=\"https:\/\/ial.se\/en\/category\/erasmus-plus\/\" rel=\"tag\">Erasmus+<\/a><\/span><\/div><h3 class=\"raven-post-title\"><a class=\"raven-post-title-link\" href=\"https:\/\/ial.se\/en\/2025\/09\/13\/tanyas-vittnesmal-om-utbildningen-i-bryssel\/\">Tanya's Testimony About the Training in Brussels<\/a><\/h3><div class=\"raven-post-excerpt\">Between July 13\u201319, Tanya participated in the training \"Decolonise Together \u2013 Advocating for Youth Engagement\" in Brussels, Belgium.<\/div><\/div><\/div><\/div><\/div><\/div><div class=\"raven-posts-item raven-grid-item\"><div class=\"raven-post-wrapper\"><div class=\"raven-post\"><div class=\"raven-post-image-wrap\"><a class=\"raven-post-image raven-image-fit\" href=\"https:\/\/ial.se\/en\/2025\/09\/02\/valkommen-till-skargarden\/\"> <img loading=\"lazy\" decoding=\"async\" width=\"1024\" height=\"524\" src=\"https:\/\/ial.se\/wp-content\/uploads\/2025\/09\/Moja-1024x524.jpg\" class=\"attachment-large size-large wp-image-1172\" alt=\"\" srcset=\"https:\/\/ial.se\/wp-content\/uploads\/2025\/09\/Moja-1024x524.jpg 1024w, https:\/\/ial.se\/wp-content\/uploads\/2025\/09\/Moja-300x154.jpg 300w, https:\/\/ial.se\/wp-content\/uploads\/2025\/09\/Moja-768x393.jpg 768w, https:\/\/ial.se\/wp-content\/uploads\/2025\/09\/Moja.jpg 1115w\" sizes=\"(max-width: 1024px) 100vw, 1024px\" \/><span class=\"raven-post-image-overlay\"><\/span><\/a><\/div><div class=\"raven-post-content-container\"><div class=\"raven-post-content\" data-id=\"2035\"><div class=\"raven-post-meta\"><a class=\"raven-post-meta-item raven-post-date\" href=\"https:\/\/ial.se\/en\/2025\/09\/\" rel=\"bookmark\">2025\/09\/02<\/a>\n<span class=\"raven-post-meta-divider\">|<\/span>\n<span class=\"raven-post-meta-item raven-post-categories\"><a href=\"https:\/\/ial.se\/en\/category\/evenemang\/\" rel=\"tag\">Events<\/a><\/span><\/div><h3 class=\"raven-post-title\"><a class=\"raven-post-title-link\" href=\"https:\/\/ial.se\/en\/2025\/09\/02\/valkommen-till-skargarden\/\">Welcome to the Archipelago<\/a><\/h3><div class=\"raven-post-excerpt\">Join IAL on a working weekend at M\u00f6ja October 3\u20135, 2025\u2014a weekend of community, practical work, and archipelago experiences together with MKU.<\/div><\/div><\/div><\/div><\/div><\/div><div class=\"raven-posts-item raven-grid-item\"><div class=\"raven-post-wrapper\"><div class=\"raven-post\"><div class=\"raven-post-image-wrap\"><a class=\"raven-post-image raven-image-fit\" href=\"https:\/\/ial.se\/en\/2025\/08\/19\/valkommen-pa-efterlager-mote\/\"> <img loading=\"lazy\" decoding=\"async\" width=\"1024\" height=\"548\" src=\"https:\/\/ial.se\/wp-content\/uploads\/2025\/09\/Bakgrundsbild_Startsida-1024x548.webp\" class=\"attachment-large size-large wp-image-1216\" alt=\"\" srcset=\"https:\/\/ial.se\/wp-content\/uploads\/2025\/09\/Bakgrundsbild_Startsida-1024x548.webp 1024w, https:\/\/ial.se\/wp-content\/uploads\/2025\/09\/Bakgrundsbild_Startsida-300x160.webp 300w, https:\/\/ial.se\/wp-content\/uploads\/2025\/09\/Bakgrundsbild_Startsida-768x411.webp 768w, https:\/\/ial.se\/wp-content\/uploads\/2025\/09\/Bakgrundsbild_Startsida-1536x821.webp 1536w, https:\/\/ial.se\/wp-content\/uploads\/2025\/09\/Bakgrundsbild_Startsida-2048x1095.webp 2048w\" sizes=\"(max-width: 1024px) 100vw, 1024px\" \/><span class=\"raven-post-image-overlay\"><\/span><\/a><\/div><div class=\"raven-post-content-container\"><div class=\"raven-post-content\" data-id=\"2009\"><div class=\"raven-post-meta\"><a class=\"raven-post-meta-item raven-post-date\" href=\"https:\/\/ial.se\/en\/2025\/08\/\" rel=\"bookmark\">2025\/08\/19<\/a>\n<span class=\"raven-post-meta-divider\">|<\/span>\n<span class=\"raven-post-meta-item raven-post-categories\"><a href=\"https:\/\/ial.se\/en\/category\/evenemang\/\" rel=\"tag\">Events<\/a><\/span><\/div><h3 class=\"raven-post-title\"><a class=\"raven-post-title-link\" href=\"https:\/\/ial.se\/en\/2025\/08\/19\/valkommen-pa-efterlager-mote\/\">Welcome to the After-Camp Meeting<\/a><\/h3><div class=\"raven-post-excerpt\">IAL invites you to a digital after-camp meeting on September 16\u2014share experiences from the summer and hear more about future opportunities within IAL and SCI.<\/div><\/div><\/div><\/div><\/div><\/div><div class=\"raven-posts-item raven-grid-item\"><div class=\"raven-post-wrapper\"><div class=\"raven-post\"><div class=\"raven-post-image-wrap\"><a class=\"raven-post-image raven-image-fit\" href=\"https:\/\/ial.se\/en\/2025\/03\/04\/arsmote-med-ial-2025\/\"> <img loading=\"lazy\" decoding=\"async\" width=\"1024\" height=\"792\" src=\"https:\/\/ial.se\/wp-content\/uploads\/2024\/02\/Skarmavbild-2024-02-22-kl.-02.44.47-1024x792.png\" class=\"attachment-large size-large wp-image-683\" alt=\"\" srcset=\"https:\/\/ial.se\/wp-content\/uploads\/2024\/02\/Skarmavbild-2024-02-22-kl.-02.44.47-1024x792.png 1024w, https:\/\/ial.se\/wp-content\/uploads\/2024\/02\/Skarmavbild-2024-02-22-kl.-02.44.47-300x232.png 300w, https:\/\/ial.se\/wp-content\/uploads\/2024\/02\/Skarmavbild-2024-02-22-kl.-02.44.47-768x594.png 768w, https:\/\/ial.se\/wp-content\/uploads\/2024\/02\/Skarmavbild-2024-02-22-kl.-02.44.47-1536x1189.png 1536w, https:\/\/ial.se\/wp-content\/uploads\/2024\/02\/Skarmavbild-2024-02-22-kl.-02.44.47.png 1539w\" sizes=\"(max-width: 1024px) 100vw, 1024px\" \/><span class=\"raven-post-image-overlay\"><\/span><\/a><\/div><div class=\"raven-post-content-container\"><div class=\"raven-post-content\" data-id=\"1651\"><div class=\"raven-post-meta\"><a class=\"raven-post-meta-item raven-post-date\" href=\"https:\/\/ial.se\/en\/2025\/03\/\" rel=\"bookmark\">2025\/03\/04<\/a>\n<span class=\"raven-post-meta-divider\">|<\/span>\n<span class=\"raven-post-meta-item raven-post-categories\"><a href=\"https:\/\/ial.se\/en\/category\/evenemang\/\" rel=\"tag\">Events<\/a><\/span><\/div><h3 class=\"raven-post-title\"><a class=\"raven-post-title-link\" href=\"https:\/\/ial.se\/en\/2025\/03\/04\/arsmote-med-ial-2025\/\">Annual Meeting with IAL 2025<\/a><\/h3><div class=\"raven-post-excerpt\">IAL is calling for an annual meeting on April 26 in Stockholm\u2014a day of workshops, camp stories, and fellowship for both new and old members.<\/div><\/div><\/div><\/div><\/div><\/div><div class=\"raven-posts-item raven-grid-item\"><div class=\"raven-post-wrapper\"><div class=\"raven-post\"><div class=\"raven-post-image-wrap\"><a class=\"raven-post-image raven-image-fit\" href=\"https:\/\/ial.se\/en\/2025\/02\/08\/aventyr-i-norrland-vill-du-bli-var-nasta-lagerledare-i-sommar\/\"> <img loading=\"lazy\" decoding=\"async\" width=\"1024\" height=\"698\" src=\"https:\/\/ial.se\/wp-content\/uploads\/2023\/12\/1-D51A2237-1024x698.jpg\" class=\"attachment-large size-large wp-image-473\" alt=\"\" srcset=\"https:\/\/ial.se\/wp-content\/uploads\/2023\/12\/1-D51A2237-1024x698.jpg 1024w, https:\/\/ial.se\/wp-content\/uploads\/2023\/12\/1-D51A2237-300x205.jpg 300w, https:\/\/ial.se\/wp-content\/uploads\/2023\/12\/1-D51A2237-768x524.jpg 768w, https:\/\/ial.se\/wp-content\/uploads\/2023\/12\/1-D51A2237-1536x1047.jpg 1536w, https:\/\/ial.se\/wp-content\/uploads\/2023\/12\/1-D51A2237-2048x1396.jpg 2048w\" sizes=\"(max-width: 1024px) 100vw, 1024px\" \/><span class=\"raven-post-image-overlay\"><\/span><\/a><\/div><div class=\"raven-post-content-container\"><div class=\"raven-post-content\" data-id=\"1787\"><div class=\"raven-post-meta\"><a class=\"raven-post-meta-item raven-post-date\" href=\"https:\/\/ial.se\/en\/2025\/02\/\" rel=\"bookmark\">2025\/02\/08<\/a>\n<span class=\"raven-post-meta-divider\">|<\/span>\n<span class=\"raven-post-meta-item raven-post-categories\"><a href=\"https:\/\/ial.se\/en\/category\/volontarlager\/\" rel=\"tag\">Workcamps<\/a><\/span><\/div><h3 class=\"raven-post-title\"><a class=\"raven-post-title-link\" href=\"https:\/\/ial.se\/en\/2025\/02\/08\/aventyr-i-norrland-vill-du-bli-var-nasta-lagerledare-i-sommar\/\">Adventures in Norrland: Do You Want to Be Our Next Camp Leader This Summer?<\/a><\/h3><div class=\"raven-post-excerpt\">IAL is looking for a camp leader for the midsummer camp at B\u00e4ckedals Folk High School June 15\u201327, 2025.<\/div><\/div><\/div><\/div><\/div><\/div><div class=\"raven-posts-item raven-grid-item\"><div class=\"raven-post-wrapper\"><div class=\"raven-post\"><div class=\"raven-post-image-wrap\"><a class=\"raven-post-image raven-image-fit\" href=\"https:\/\/ial.se\/en\/2025\/01\/01\/hang-med-pa-inspirationsdagen-den-25-januari-2025\/\"> <img loading=\"lazy\" decoding=\"async\" width=\"405\" height=\"405\" src=\"https:\/\/ial.se\/wp-content\/uploads\/2023\/10\/workshop4.jpeg\" class=\"attachment-large size-large wp-image-136\" alt=\"\" srcset=\"https:\/\/ial.se\/wp-content\/uploads\/2023\/10\/workshop4.jpeg 405w, https:\/\/ial.se\/wp-content\/uploads\/2023\/10\/workshop4-300x300.jpeg 300w, https:\/\/ial.se\/wp-content\/uploads\/2023\/10\/workshop4-150x150.jpeg 150w\" sizes=\"(max-width: 405px) 100vw, 405px\" \/><span class=\"raven-post-image-overlay\"><\/span><\/a><\/div><div class=\"raven-post-content-container\"><div class=\"raven-post-content\" data-id=\"2077\"><div class=\"raven-post-meta\"><a class=\"raven-post-meta-item raven-post-date\" href=\"https:\/\/ial.se\/en\/2025\/01\/\" rel=\"bookmark\">2025\/01\/01<\/a>\n<span class=\"raven-post-meta-divider\">|<\/span>\n<span class=\"raven-post-meta-item raven-post-categories\"><a href=\"https:\/\/ial.se\/en\/category\/evenemang\/\" rel=\"tag\">Events<\/a><\/span><\/div><h3 class=\"raven-post-title\"><a class=\"raven-post-title-link\" href=\"https:\/\/ial.se\/en\/2025\/01\/01\/hang-med-pa-inspirationsdagen-den-25-januari-2025\/\">Join Us for Inspiration Day on January 25, 2025<\/a><\/h3><div class=\"raven-post-excerpt\">IAL invites you to an inspiration day in Stockholm on January 25, 2025\u2014a day with lunch, workshops, and conversations about the future of camps and peace work.<\/div><\/div><\/div><\/div><\/div><\/div><div class=\"raven-posts-item raven-grid-item\"><div class=\"raven-post-wrapper\"><div class=\"raven-post\"><div class=\"raven-post-image-wrap\"><a class=\"raven-post-image raven-image-fit\" href=\"https:\/\/ial.se\/en\/2024\/12\/31\/gott-nytt-ar-2025\/\"> <img loading=\"lazy\" decoding=\"async\" width=\"414\" height=\"414\" src=\"https:\/\/ial.se\/wp-content\/uploads\/2023\/10\/styrelsen.jpeg\" class=\"attachment-large size-large wp-image-78\" alt=\"\" srcset=\"https:\/\/ial.se\/wp-content\/uploads\/2023\/10\/styrelsen.jpeg 414w, https:\/\/ial.se\/wp-content\/uploads\/2023\/10\/styrelsen-300x300.jpeg 300w, https:\/\/ial.se\/wp-content\/uploads\/2023\/10\/styrelsen-150x150.jpeg 150w\" sizes=\"(max-width: 414px) 100vw, 414px\" \/><span class=\"raven-post-image-overlay\"><\/span><\/a><\/div><div class=\"raven-post-content-container\"><div class=\"raven-post-content\" data-id=\"951\"><div class=\"raven-post-meta\"><a class=\"raven-post-meta-item raven-post-date\" href=\"https:\/\/ial.se\/en\/2024\/12\/\" rel=\"bookmark\">2024\/12\/31<\/a>\n<span class=\"raven-post-meta-divider\">|<\/span>\n<span class=\"raven-post-meta-item raven-post-categories\"><a href=\"https:\/\/ial.se\/en\/category\/ial\/\" rel=\"tag\">IAL<\/a><\/span><\/div><h3 class=\"raven-post-title\"><a class=\"raven-post-title-link\" href=\"https:\/\/ial.se\/en\/2024\/12\/31\/gott-nytt-ar-2025\/\">Happy New Year 2025<\/a><\/h3><div class=\"raven-post-excerpt\">IAL looks back on 2024 with gratitude and looks forward to new collaborations, volunteer projects and engagement in 2025.<\/div><\/div><\/div><\/div><\/div><\/div><div class=\"raven-posts-item raven-grid-item\"><div class=\"raven-post-wrapper\"><div class=\"raven-post\"><div class=\"raven-post-image-wrap\"><a class=\"raven-post-image raven-image-fit\" href=\"https:\/\/ial.se\/en\/2024\/12\/31\/valkommen-till-var-podd\/\"> <img loading=\"lazy\" decoding=\"async\" width=\"1024\" height=\"683\" src=\"https:\/\/ial.se\/wp-content\/uploads\/2024\/12\/Podcast-1024x683.jpg\" class=\"attachment-large size-large wp-image-2076\" alt=\"\" srcset=\"https:\/\/ial.se\/wp-content\/uploads\/2024\/12\/Podcast-1024x683.jpg 1024w, https:\/\/ial.se\/wp-content\/uploads\/2024\/12\/Podcast-300x200.jpg 300w, https:\/\/ial.se\/wp-content\/uploads\/2024\/12\/Podcast-768x512.jpg 768w, https:\/\/ial.se\/wp-content\/uploads\/2024\/12\/Podcast-1536x1024.jpg 1536w, https:\/\/ial.se\/wp-content\/uploads\/2024\/12\/Podcast.jpg 1920w\" sizes=\"(max-width: 1024px) 100vw, 1024px\" \/><span class=\"raven-post-image-overlay\"><\/span><\/a><\/div><div class=\"raven-post-content-container\"><div class=\"raven-post-content\" data-id=\"2073\"><div class=\"raven-post-meta\"><a class=\"raven-post-meta-item raven-post-date\" href=\"https:\/\/ial.se\/en\/2024\/12\/\" rel=\"bookmark\">2024\/12\/31<\/a>\n<span class=\"raven-post-meta-divider\">|<\/span>\n<span class=\"raven-post-meta-item raven-post-categories\"><a href=\"https:\/\/ial.se\/en\/category\/ial\/\" rel=\"tag\">IAL<\/a><\/span><\/div><h3 class=\"raven-post-title\"><a class=\"raven-post-title-link\" href=\"https:\/\/ial.se\/en\/2024\/12\/31\/valkommen-till-var-podd\/\">Welcome to Our Podcast<\/a><\/h3><div class=\"raven-post-excerpt\">IAL launches the podcast IAL: Join Us!\u2014a mix of AI and human voices about peace, cultural encounters, and future engagement.<\/div><\/div><\/div><\/div><\/div><\/div><div class=\"raven-posts-item raven-grid-item\"><div class=\"raven-post-wrapper\"><div class=\"raven-post\"><div class=\"raven-post-image-wrap\"><a class=\"raven-post-image raven-image-fit\" href=\"https:\/\/ial.se\/en\/2024\/06\/30\/backedal-volontarlager-2024\/\"> <img loading=\"lazy\" decoding=\"async\" width=\"1024\" height=\"769\" src=\"https:\/\/ial.se\/wp-content\/uploads\/2024\/06\/midsommar2-1024x769.jpg\" class=\"attachment-large size-large wp-image-814\" alt=\"\" srcset=\"https:\/\/ial.se\/wp-content\/uploads\/2024\/06\/midsommar2-1024x769.jpg 1024w, https:\/\/ial.se\/wp-content\/uploads\/2024\/06\/midsommar2-300x225.jpg 300w, https:\/\/ial.se\/wp-content\/uploads\/2024\/06\/midsommar2-768x576.jpg 768w, https:\/\/ial.se\/wp-content\/uploads\/2024\/06\/midsommar2-1536x1153.jpg 1536w, https:\/\/ial.se\/wp-content\/uploads\/2024\/06\/midsommar2.jpg 1600w\" sizes=\"(max-width: 1024px) 100vw, 1024px\" \/><span class=\"raven-post-image-overlay\"><\/span><\/a><\/div><div class=\"raven-post-content-container\"><div class=\"raven-post-content\" data-id=\"1752\"><div class=\"raven-post-meta\"><a class=\"raven-post-meta-item raven-post-date\" href=\"https:\/\/ial.se\/en\/2024\/06\/\" rel=\"bookmark\">2024\/06\/30<\/a>\n<span class=\"raven-post-meta-divider\">|<\/span>\n<span class=\"raven-post-meta-item raven-post-categories\"><a href=\"https:\/\/ial.se\/en\/category\/volontarlager\/\" rel=\"tag\">Workcamps<\/a><\/span><\/div><h3 class=\"raven-post-title\"><a class=\"raven-post-title-link\" href=\"https:\/\/ial.se\/en\/2024\/06\/30\/backedal-volontarlager-2024\/\">B\u00e4ckedal Workcamp 2024<\/a><\/h3><div class=\"raven-post-excerpt\">The 2024 workcamp at B\u00e4ckedals Folkh\u00f6gskola brought together volunteers from seven countries for learning, community and nature-based activities.<\/div><\/div><\/div><\/div><\/div><\/div><div class=\"raven-posts-item raven-grid-item\"><div class=\"raven-post-wrapper\"><div class=\"raven-post\"><div class=\"raven-post-image-wrap\"><a class=\"raven-post-image raven-image-fit\" href=\"https:\/\/ial.se\/en\/2024\/04\/07\/dags-for-arsmote-i-april\/\"> <img loading=\"lazy\" decoding=\"async\" width=\"1024\" height=\"683\" src=\"https:\/\/ial.se\/wp-content\/uploads\/2024\/04\/Zoom-1024x683.jpg\" class=\"attachment-large size-large wp-image-1763\" alt=\"\" srcset=\"https:\/\/ial.se\/wp-content\/uploads\/2024\/04\/Zoom-1024x683.jpg 1024w, https:\/\/ial.se\/wp-content\/uploads\/2024\/04\/Zoom-300x200.jpg 300w, https:\/\/ial.se\/wp-content\/uploads\/2024\/04\/Zoom-768x512.jpg 768w, https:\/\/ial.se\/wp-content\/uploads\/2024\/04\/Zoom-1536x1024.jpg 1536w, https:\/\/ial.se\/wp-content\/uploads\/2024\/04\/Zoom.jpg 1920w\" sizes=\"(max-width: 1024px) 100vw, 1024px\" \/><span class=\"raven-post-image-overlay\"><\/span><\/a><\/div><div class=\"raven-post-content-container\"><div class=\"raven-post-content\" data-id=\"1759\"><div class=\"raven-post-meta\"><a class=\"raven-post-meta-item raven-post-date\" href=\"https:\/\/ial.se\/en\/2024\/04\/\" rel=\"bookmark\">2024\/04\/07<\/a>\n<span class=\"raven-post-meta-divider\">|<\/span>\n<span class=\"raven-post-meta-item raven-post-categories\"><a href=\"https:\/\/ial.se\/en\/category\/evenemang\/\" rel=\"tag\">Events<\/a><\/span><\/div><h3 class=\"raven-post-title\"><a class=\"raven-post-title-link\" href=\"https:\/\/ial.se\/en\/2024\/04\/07\/dags-for-arsmote-i-april\/\">Time for the Annual Meeting in April<\/a><\/h3><div class=\"raven-post-excerpt\">IAL \u2013 SCI Sweden invites you to a digital annual meeting on Sunday, April 21st, from 4:00 PM to 6:00 PM.<\/div><\/div><\/div><\/div><\/div><\/div><div class=\"raven-posts-item raven-grid-item\"><div class=\"raven-post-wrapper\"><div class=\"raven-post\"><div class=\"raven-post-image-wrap\"><a class=\"raven-post-image raven-image-fit\" href=\"https:\/\/ial.se\/en\/2024\/01\/20\/sci-in-i-framtiden\/\"> <img loading=\"lazy\" decoding=\"async\" width=\"1024\" height=\"858\" src=\"https:\/\/ial.se\/wp-content\/uploads\/2024\/02\/Skarmavbild-2024-02-22-kl.-02.44.07-1024x858.png\" class=\"attachment-large size-large wp-image-681\" alt=\"\" srcset=\"https:\/\/ial.se\/wp-content\/uploads\/2024\/02\/Skarmavbild-2024-02-22-kl.-02.44.07-1024x858.png 1024w, https:\/\/ial.se\/wp-content\/uploads\/2024\/02\/Skarmavbild-2024-02-22-kl.-02.44.07-300x251.png 300w, https:\/\/ial.se\/wp-content\/uploads\/2024\/02\/Skarmavbild-2024-02-22-kl.-02.44.07-768x643.png 768w, https:\/\/ial.se\/wp-content\/uploads\/2024\/02\/Skarmavbild-2024-02-22-kl.-02.44.07-1536x1287.png 1536w, https:\/\/ial.se\/wp-content\/uploads\/2024\/02\/Skarmavbild-2024-02-22-kl.-02.44.07.png 1579w\" sizes=\"(max-width: 1024px) 100vw, 1024px\" \/><span class=\"raven-post-image-overlay\"><\/span><\/a><\/div><div class=\"raven-post-content-container\"><div class=\"raven-post-content\" data-id=\"2019\"><div class=\"raven-post-meta\"><a class=\"raven-post-meta-item raven-post-date\" href=\"https:\/\/ial.se\/en\/2024\/01\/\" rel=\"bookmark\">2024\/01\/20<\/a>\n<span class=\"raven-post-meta-divider\">|<\/span>\n<span class=\"raven-post-meta-item raven-post-categories\"><a href=\"https:\/\/ial.se\/en\/category\/sci\/\" rel=\"tag\">SCI<\/a><\/span><\/div><h3 class=\"raven-post-title\"><a class=\"raven-post-title-link\" href=\"https:\/\/ial.se\/en\/2024\/01\/20\/sci-in-i-framtiden\/\">SCI into the Future<\/a><\/h3><div class=\"raven-post-excerpt\">SCI has adopted a new strategic plan for 2024\u20132027 with a focus on peace, justice, climate and empowered volunteers.<\/div><\/div><\/div><\/div><\/div><\/div><div class=\"raven-posts-item raven-grid-item\"><div class=\"raven-post-wrapper\"><div class=\"raven-post\"><div class=\"raven-post-image-wrap\"><a class=\"raven-post-image raven-image-fit\" href=\"https:\/\/ial.se\/en\/2023\/12\/31\/gott-nytt-ar-2024\/\"> <img loading=\"lazy\" decoding=\"async\" width=\"405\" height=\"405\" src=\"https:\/\/ial.se\/wp-content\/uploads\/2023\/10\/workshop4.jpeg\" class=\"attachment-large size-large wp-image-136\" alt=\"\" srcset=\"https:\/\/ial.se\/wp-content\/uploads\/2023\/10\/workshop4.jpeg 405w, https:\/\/ial.se\/wp-content\/uploads\/2023\/10\/workshop4-300x300.jpeg 300w, https:\/\/ial.se\/wp-content\/uploads\/2023\/10\/workshop4-150x150.jpeg 150w\" sizes=\"(max-width: 405px) 100vw, 405px\" \/><span class=\"raven-post-image-overlay\"><\/span><\/a><\/div><div class=\"raven-post-content-container\"><div class=\"raven-post-content\" data-id=\"1775\"><div class=\"raven-post-meta\"><a class=\"raven-post-meta-item raven-post-date\" href=\"https:\/\/ial.se\/en\/2023\/12\/\" rel=\"bookmark\">2023\/12\/31<\/a>\n<span class=\"raven-post-meta-divider\">|<\/span>\n<span class=\"raven-post-meta-item raven-post-categories\"><a href=\"https:\/\/ial.se\/en\/category\/ial\/\" rel=\"tag\">IAL<\/a><\/span><\/div><h3 class=\"raven-post-title\"><a class=\"raven-post-title-link\" href=\"https:\/\/ial.se\/en\/2023\/12\/31\/gott-nytt-ar-2024\/\">Happy New Year 2024<\/a><\/h3><div class=\"raven-post-excerpt\">IAL looks forward to 2024 with new projects and continued belief in volunteer work as a path to a culture of peace.<\/div><\/div><\/div><\/div><\/div><\/div><div class=\"raven-posts-item raven-grid-item\"><div class=\"raven-post-wrapper\"><div class=\"raven-post\"><div class=\"raven-post-image-wrap\"><a class=\"raven-post-image raven-image-fit\" href=\"https:\/\/ial.se\/en\/2023\/12\/18\/nytt-lager-kommer-sommaren-2024\/\"> <img loading=\"lazy\" decoding=\"async\" width=\"1024\" height=\"768\" src=\"https:\/\/ial.se\/wp-content\/uploads\/2023\/12\/Foto-2019-07-18-18-54-33-1024x768.jpg\" class=\"attachment-large size-large wp-image-479\" alt=\"\" srcset=\"https:\/\/ial.se\/wp-content\/uploads\/2023\/12\/Foto-2019-07-18-18-54-33-1024x768.jpg 1024w, https:\/\/ial.se\/wp-content\/uploads\/2023\/12\/Foto-2019-07-18-18-54-33-300x225.jpg 300w, https:\/\/ial.se\/wp-content\/uploads\/2023\/12\/Foto-2019-07-18-18-54-33-768x576.jpg 768w, https:\/\/ial.se\/wp-content\/uploads\/2023\/12\/Foto-2019-07-18-18-54-33-1536x1152.jpg 1536w, https:\/\/ial.se\/wp-content\/uploads\/2023\/12\/Foto-2019-07-18-18-54-33-2048x1536.jpg 2048w\" sizes=\"(max-width: 1024px) 100vw, 1024px\" \/><span class=\"raven-post-image-overlay\"><\/span><\/a><\/div><div class=\"raven-post-content-container\"><div class=\"raven-post-content\" data-id=\"1854\"><div class=\"raven-post-meta\"><a class=\"raven-post-meta-item raven-post-date\" href=\"https:\/\/ial.se\/en\/2023\/12\/\" rel=\"bookmark\">2023\/12\/18<\/a>\n<span class=\"raven-post-meta-divider\">|<\/span>\n<span class=\"raven-post-meta-item raven-post-categories\"><a href=\"https:\/\/ial.se\/en\/category\/volontarlager\/\" rel=\"tag\">Workcamps<\/a><\/span><\/div><h3 class=\"raven-post-title\"><a class=\"raven-post-title-link\" href=\"https:\/\/ial.se\/en\/2023\/12\/18\/nytt-lager-kommer-sommaren-2024\/\">New Camp Coming Summer 2024<\/a><\/h3><div class=\"raven-post-excerpt\">IAL is starting a new midsummer camp June 17\u201328, 2024 at B\u00e4ckedals Folk High School, with a focus on nature, crafts and international community.<\/div><\/div><\/div><\/div><\/div><\/div><div class=\"raven-posts-item raven-grid-item\"><div class=\"raven-post-wrapper\"><div class=\"raven-post\"><div class=\"raven-post-image-wrap\"><a class=\"raven-post-image raven-image-fit\" href=\"https:\/\/ial.se\/en\/2023\/12\/16\/avkolonisering-i-fokus-for-sci-belgien\/\"> <img loading=\"lazy\" decoding=\"async\" width=\"960\" height=\"720\" src=\"https:\/\/ial.se\/wp-content\/uploads\/2023\/12\/IMG_3001.jpeg\" class=\"attachment-large size-large wp-image-466\" alt=\"\" srcset=\"https:\/\/ial.se\/wp-content\/uploads\/2023\/12\/IMG_3001.jpeg 960w, https:\/\/ial.se\/wp-content\/uploads\/2023\/12\/IMG_3001-300x225.jpeg 300w, https:\/\/ial.se\/wp-content\/uploads\/2023\/12\/IMG_3001-768x576.jpeg 768w\" sizes=\"(max-width: 960px) 100vw, 960px\" \/><span class=\"raven-post-image-overlay\"><\/span><\/a><\/div><div class=\"raven-post-content-container\"><div class=\"raven-post-content\" data-id=\"1819\"><div class=\"raven-post-meta\"><a class=\"raven-post-meta-item raven-post-date\" href=\"https:\/\/ial.se\/en\/2023\/12\/\" rel=\"bookmark\">2023\/12\/16<\/a>\n<span class=\"raven-post-meta-divider\">|<\/span>\n<span class=\"raven-post-meta-item raven-post-categories\"><a href=\"https:\/\/ial.se\/en\/category\/sci\/\" rel=\"tag\">SCI<\/a><\/span><\/div><h3 class=\"raven-post-title\"><a class=\"raven-post-title-link\" href=\"https:\/\/ial.se\/en\/2023\/12\/16\/avkolonisering-i-fokus-for-sci-belgien\/\">Decolonisation in Focus for SCI Belgium<\/a><\/h3><div class=\"raven-post-excerpt\">SCI Belgium participates in the Decolonise project to make colonial legacies visible and strengthen awareness within international volunteering.<\/div><\/div><\/div><\/div><\/div><\/div><div class=\"raven-posts-item raven-grid-item\"><div class=\"raven-post-wrapper\"><div class=\"raven-post\"><div class=\"raven-post-image-wrap\"><a class=\"raven-post-image raven-image-fit\" href=\"https:\/\/ial.se\/en\/2023\/12\/08\/ial-ar-pa-icm-i-wien\/\"> <img loading=\"lazy\" decoding=\"async\" width=\"960\" height=\"720\" src=\"https:\/\/ial.se\/wp-content\/uploads\/2023\/12\/IMG_2868.jpeg\" class=\"attachment-large size-large wp-image-422\" alt=\"\" srcset=\"https:\/\/ial.se\/wp-content\/uploads\/2023\/12\/IMG_2868.jpeg 960w, https:\/\/ial.se\/wp-content\/uploads\/2023\/12\/IMG_2868-300x225.jpeg 300w, https:\/\/ial.se\/wp-content\/uploads\/2023\/12\/IMG_2868-768x576.jpeg 768w\" sizes=\"(max-width: 960px) 100vw, 960px\" \/><span class=\"raven-post-image-overlay\"><\/span><\/a><\/div><div class=\"raven-post-content-container\"><div class=\"raven-post-content\" data-id=\"1718\"><div class=\"raven-post-meta\"><a class=\"raven-post-meta-item raven-post-date\" href=\"https:\/\/ial.se\/en\/2023\/12\/\" rel=\"bookmark\">2023\/12\/08<\/a>\n<span class=\"raven-post-meta-divider\">|<\/span>\n<span class=\"raven-post-meta-item raven-post-categories\"><a href=\"https:\/\/ial.se\/en\/category\/ial\/\" rel=\"tag\">IAL<\/a><\/span><\/div><h3 class=\"raven-post-title\"><a class=\"raven-post-title-link\" href=\"https:\/\/ial.se\/en\/2023\/12\/08\/ial-ar-pa-icm-i-wien\/\">IAL Is at ICM in Vienna<\/a><\/h3><div class=\"raven-post-excerpt\">IAL participates in SCI's international annual meeting in Vienna, where, among other things, a new strategic plan for 2024\u20132027 is discussed.<\/div><\/div><\/div><\/div><\/div><\/div><div class=\"raven-posts-item raven-grid-item\"><div class=\"raven-post-wrapper\"><div class=\"raven-post\"><div class=\"raven-post-image-wrap\"><a class=\"raven-post-image raven-image-fit\" href=\"https:\/\/ial.se\/en\/2023\/12\/08\/anitas-forskning-om-sci\/\"> <img loading=\"lazy\" decoding=\"async\" width=\"1024\" height=\"576\" src=\"https:\/\/ial.se\/wp-content\/uploads\/2023\/12\/IMG_2863-1-1024x576.jpeg\" class=\"attachment-large size-large wp-image-432\" alt=\"\" srcset=\"https:\/\/ial.se\/wp-content\/uploads\/2023\/12\/IMG_2863-1-1024x576.jpeg 1024w, https:\/\/ial.se\/wp-content\/uploads\/2023\/12\/IMG_2863-1-300x169.jpeg 300w, https:\/\/ial.se\/wp-content\/uploads\/2023\/12\/IMG_2863-1-768x432.jpeg 768w, https:\/\/ial.se\/wp-content\/uploads\/2023\/12\/IMG_2863-1-1536x864.jpeg 1536w, https:\/\/ial.se\/wp-content\/uploads\/2023\/12\/IMG_2863-1.jpeg 1920w\" sizes=\"(max-width: 1024px) 100vw, 1024px\" \/><span class=\"raven-post-image-overlay\"><\/span><\/a><\/div><div class=\"raven-post-content-container\"><div class=\"raven-post-content\" data-id=\"1714\"><div class=\"raven-post-meta\"><a class=\"raven-post-meta-item raven-post-date\" href=\"https:\/\/ial.se\/en\/2023\/12\/\" rel=\"bookmark\">2023\/12\/08<\/a>\n<span class=\"raven-post-meta-divider\">|<\/span>\n<span class=\"raven-post-meta-item raven-post-categories\"><a href=\"https:\/\/ial.se\/en\/category\/sci\/\" rel=\"tag\">SCI<\/a><\/span><\/div><h3 class=\"raven-post-title\"><a class=\"raven-post-title-link\" href=\"https:\/\/ial.se\/en\/2023\/12\/08\/anitas-forskning-om-sci\/\">Anita's Research on SCI<\/a><\/h3><div class=\"raven-post-excerpt\">Read Anita's doctoral dissertation on SCI where she made comparisons with other actors in international volunteer work.<\/div><\/div><\/div><\/div><\/div><\/div><div class=\"raven-posts-item raven-grid-item\"><div class=\"raven-post-wrapper\"><div class=\"raven-post\"><div class=\"raven-post-image-wrap\"><a class=\"raven-post-image raven-image-fit\" href=\"https:\/\/ial.se\/en\/2023\/11\/14\/arbetshelg-i-oktober\/\"> <img loading=\"lazy\" decoding=\"async\" width=\"405\" height=\"405\" src=\"https:\/\/ial.se\/wp-content\/uploads\/2023\/10\/lagereld.jpeg\" class=\"attachment-large size-large wp-image-82\" alt=\"\" srcset=\"https:\/\/ial.se\/wp-content\/uploads\/2023\/10\/lagereld.jpeg 405w, https:\/\/ial.se\/wp-content\/uploads\/2023\/10\/lagereld-300x300.jpeg 300w, https:\/\/ial.se\/wp-content\/uploads\/2023\/10\/lagereld-150x150.jpeg 150w\" sizes=\"(max-width: 405px) 100vw, 405px\" \/><span class=\"raven-post-image-overlay\"><\/span><\/a><\/div><div class=\"raven-post-content-container\"><div class=\"raven-post-content\" data-id=\"1635\"><div class=\"raven-post-meta\"><a class=\"raven-post-meta-item raven-post-date\" href=\"https:\/\/ial.se\/en\/2023\/11\/\" rel=\"bookmark\">2023\/11\/14<\/a>\n<span class=\"raven-post-meta-divider\">|<\/span>\n<span class=\"raven-post-meta-item raven-post-categories\"><a href=\"https:\/\/ial.se\/en\/category\/evenemang\/\" rel=\"tag\">Events<\/a><\/span><\/div><h3 class=\"raven-post-title\"><a class=\"raven-post-title-link\" href=\"https:\/\/ial.se\/en\/2023\/11\/14\/arbetshelg-i-oktober\/\">Working Weekend in October<\/a><\/h3><div class=\"raven-post-excerpt\">IAL has changed its name to Internationella Arbetslag \u2013 SCI Sweden and is reviving the tradition of working weekends, while new opportunities are being planned.<\/div><\/div><\/div><\/div><\/div><\/div><div class=\"raven-posts-item raven-grid-item\"><div class=\"raven-post-wrapper\"><div class=\"raven-post\"><div class=\"raven-post-image-wrap\"><a class=\"raven-post-image raven-image-fit\" href=\"https:\/\/ial.se\/en\/2023\/11\/04\/80-ars-fest-och-arsmote-i-april-2023\/\"> <img loading=\"lazy\" decoding=\"async\" width=\"405\" height=\"405\" src=\"https:\/\/ial.se\/wp-content\/uploads\/2023\/10\/ordforanden.jpeg\" class=\"attachment-large size-large wp-image-126\" alt=\"\" srcset=\"https:\/\/ial.se\/wp-content\/uploads\/2023\/10\/ordforanden.jpeg 405w, https:\/\/ial.se\/wp-content\/uploads\/2023\/10\/ordforanden-300x300.jpeg 300w, https:\/\/ial.se\/wp-content\/uploads\/2023\/10\/ordforanden-150x150.jpeg 150w\" sizes=\"(max-width: 405px) 100vw, 405px\" \/><span class=\"raven-post-image-overlay\"><\/span><\/a><\/div><div class=\"raven-post-content-container\"><div class=\"raven-post-content\" data-id=\"1598\"><div class=\"raven-post-meta\"><a class=\"raven-post-meta-item raven-post-date\" href=\"https:\/\/ial.se\/en\/2023\/11\/\" rel=\"bookmark\">2023\/11\/04<\/a>\n<span class=\"raven-post-meta-divider\">|<\/span>\n<span class=\"raven-post-meta-item raven-post-categories\"><a href=\"https:\/\/ial.se\/en\/category\/evenemang\/\" rel=\"tag\">Events<\/a><\/span><\/div><h3 class=\"raven-post-title\"><a class=\"raven-post-title-link\" href=\"https:\/\/ial.se\/en\/2023\/11\/04\/80-ars-fest-och-arsmote-i-april-2023\/\">80th Anniversary Celebration and Annual Meeting in April 2023<\/a><\/h3><div class=\"raven-post-excerpt\">SCI Sweden celebrated 80 years with an annual meeting, new board elections and a promise to breathe new life into the association.<\/div><\/div><\/div><\/div><\/div><\/div><div class=\"raven-posts-item raven-grid-item\"><div class=\"raven-post-wrapper\"><div class=\"raven-post\"><div class=\"raven-post-image-wrap\"><a class=\"raven-post-image raven-image-fit\" href=\"https:\/\/ial.se\/en\/2023\/10\/30\/vi-heter-ial-igen\/\"> <img loading=\"lazy\" decoding=\"async\" width=\"367\" height=\"368\" src=\"https:\/\/ial.se\/wp-content\/uploads\/2023\/10\/IAL-tartan.jpeg\" class=\"attachment-large size-large wp-image-73\" alt=\"\" srcset=\"https:\/\/ial.se\/wp-content\/uploads\/2023\/10\/IAL-tartan.jpeg 367w, https:\/\/ial.se\/wp-content\/uploads\/2023\/10\/IAL-tartan-300x300.jpeg 300w, https:\/\/ial.se\/wp-content\/uploads\/2023\/10\/IAL-tartan-150x150.jpeg 150w\" sizes=\"(max-width: 367px) 100vw, 367px\" \/><span class=\"raven-post-image-overlay\"><\/span><\/a><\/div><div class=\"raven-post-content-container\"><div class=\"raven-post-content\" data-id=\"283\"><div class=\"raven-post-meta\"><a class=\"raven-post-meta-item raven-post-date\" href=\"https:\/\/ial.se\/en\/2023\/10\/\" rel=\"bookmark\">2023\/10\/30<\/a>\n<span class=\"raven-post-meta-divider\">|<\/span>\n<span class=\"raven-post-meta-item raven-post-categories\"><a href=\"https:\/\/ial.se\/en\/category\/ial\/\" rel=\"tag\">IAL<\/a><\/span><\/div><h3 class=\"raven-post-title\"><a class=\"raven-post-title-link\" href=\"https:\/\/ial.se\/en\/2023\/10\/30\/vi-heter-ial-igen\/\">Our Name Is IAL Again!<\/a><\/h3><div class=\"raven-post-excerpt\">IAL reclaims its historic name and, 80 years later, continues its commitment to peace and international volunteer work.<\/div><\/div><\/div><\/div><\/div><\/div><div class=\"raven-posts-item raven-grid-item\"><div class=\"raven-post-wrapper\"><div class=\"raven-post\"><div class=\"raven-post-image-wrap\"><a class=\"raven-post-image raven-image-fit\" href=\"https:\/\/ial.se\/en\/2023\/10\/30\/varfor-en-vikingaby\/\"> <img loading=\"lazy\" decoding=\"async\" width=\"405\" height=\"405\" src=\"https:\/\/ial.se\/wp-content\/uploads\/2023\/10\/arrangorer.jpeg\" class=\"attachment-large size-large wp-image-75\" alt=\"\" srcset=\"https:\/\/ial.se\/wp-content\/uploads\/2023\/10\/arrangorer.jpeg 405w, https:\/\/ial.se\/wp-content\/uploads\/2023\/10\/arrangorer-300x300.jpeg 300w, https:\/\/ial.se\/wp-content\/uploads\/2023\/10\/arrangorer-150x150.jpeg 150w\" sizes=\"(max-width: 405px) 100vw, 405px\" \/><span class=\"raven-post-image-overlay\"><\/span><\/a><\/div><div class=\"raven-post-content-container\"><div class=\"raven-post-content\" data-id=\"1862\"><div class=\"raven-post-meta\"><a class=\"raven-post-meta-item raven-post-date\" href=\"https:\/\/ial.se\/en\/2023\/10\/\" rel=\"bookmark\">2023\/10\/30<\/a>\n<span class=\"raven-post-meta-divider\">|<\/span>\n<span class=\"raven-post-meta-item raven-post-categories\"><a href=\"https:\/\/ial.se\/en\/category\/volontarlager\/\" rel=\"tag\">Workcamps<\/a><\/span><\/div><h3 class=\"raven-post-title\"><a class=\"raven-post-title-link\" href=\"https:\/\/ial.se\/en\/2023\/10\/30\/varfor-en-vikingaby\/\">Why a Viking Village?<\/a><\/h3><div class=\"raven-post-excerpt\">At Vikingabyn, where IAL held its summer workcamp, practical experiences are used to bring history and public education to life.<\/div><\/div><\/div><\/div><\/div><\/div><div class=\"raven-posts-item raven-grid-item\"><div class=\"raven-post-wrapper\"><div class=\"raven-post\"><div class=\"raven-post-image-wrap\"><a class=\"raven-post-image raven-image-fit\" href=\"https:\/\/ial.se\/en\/2023\/10\/28\/lager-i-vikingabyn-sommaren-2024\/\"> <img loading=\"lazy\" decoding=\"async\" width=\"414\" height=\"414\" src=\"https:\/\/ial.se\/wp-content\/uploads\/2023\/10\/volontarer-1.jpeg\" class=\"attachment-large size-large wp-image-118\" alt=\"\" srcset=\"https:\/\/ial.se\/wp-content\/uploads\/2023\/10\/volontarer-1.jpeg 414w, https:\/\/ial.se\/wp-content\/uploads\/2023\/10\/volontarer-1-300x300.jpeg 300w, https:\/\/ial.se\/wp-content\/uploads\/2023\/10\/volontarer-1-150x150.jpeg 150w\" sizes=\"(max-width: 414px) 100vw, 414px\" \/><span class=\"raven-post-image-overlay\"><\/span><\/a><\/div><div class=\"raven-post-content-container\"><div class=\"raven-post-content\" data-id=\"2081\"><div class=\"raven-post-meta\"><a class=\"raven-post-meta-item raven-post-date\" href=\"https:\/\/ial.se\/en\/2023\/10\/\" rel=\"bookmark\">2023\/10\/28<\/a>\n<span class=\"raven-post-meta-divider\">|<\/span>\n<span class=\"raven-post-meta-item raven-post-categories\"><a href=\"https:\/\/ial.se\/en\/category\/volontarlager\/\" rel=\"tag\">Workcamps<\/a><\/span><\/div><h3 class=\"raven-post-title\"><a class=\"raven-post-title-link\" href=\"https:\/\/ial.se\/en\/2023\/10\/28\/lager-i-vikingabyn-sommaren-2024\/\">Camps in Viking Village Summer 2024<\/a><\/h3><div class=\"raven-post-excerpt\">IAL is once again organising workcamps in the Viking Village on Storholmen July 10\u2013August 4, 2024\u2014a chance to live a Viking life, learn crafts, and experience community.<\/div><\/div><\/div><\/div><\/div><\/div>\t\t\t<\/div>\n\t\t\t\t\t<\/div>\n\t\t\t\t\t\t<\/div>\n\t\t\t\t<\/div>\n\t\t\t\t<\/div>\n\t\t\t\t<\/div>\n\t\t\t\t<\/div>","protected":false},"excerpt":{"rendered":"<p>Blogg V\u00e4lkommen till bloggen. H\u00e4r f\u00e5r du aktuella h\u00e4ndelser om IAL. AllaErasmus+EvenemangIALSCIVolont\u00e4rl\u00e4ger 2026\/04\/07 | Volont\u00e4rl\u00e4ger Maja om volont\u00e4rl\u00e4ger i Akizugawa, Japan I juni deltog Maja i ett volont\u00e4rl\u00e4ger i Akizugawa, Japan, d\u00e4r hon hj\u00e4lpte lokala b\u00f6nder med ume-sk\u00f6rden. Tio dagar gav henne en unik inblick i livet p\u00e5 den japanska landsbygden. 2026\/04\/07 | Volont\u00e4rl\u00e4ger K\u00e4nner [&hellip;]<\/p>\n","protected":false},"author":6,"featured_media":0,"parent":0,"menu_order":0,"comment_status":"closed","ping_status":"closed","template":"elementor_header_footer","meta":{"_acf_changed":false,"footnotes":""},"class_list":["post-29","page","type-page","status-publish","hentry"],"acf":[],"aioseo_notices":[],"_links":{"self":[{"href":"https:\/\/ial.se\/en\/wp-json\/wp\/v2\/pages\/29","targetHints":{"allow":["GET"]}}],"collection":[{"href":"https:\/\/ial.se\/en\/wp-json\/wp\/v2\/pages"}],"about":[{"href":"https:\/\/ial.se\/en\/wp-json\/wp\/v2\/types\/page"}],"author":[{"embeddable":true,"href":"https:\/\/ial.se\/en\/wp-json\/wp\/v2\/users\/6"}],"replies":[{"embeddable":true,"href":"https:\/\/ial.se\/en\/wp-json\/wp\/v2\/comments?post=29"}],"version-history":[{"count":15,"href":"https:\/\/ial.se\/en\/wp-json\/wp\/v2\/pages\/29\/revisions"}],"predecessor-version":[{"id":2767,"href":"https:\/\/ial.se\/en\/wp-json\/wp\/v2\/pages\/29\/revisions\/2767"}],"wp:attachment":[{"href":"https:\/\/ial.se\/en\/wp-json\/wp\/v2\/media?parent=29"}],"curies":[{"name":"wp","href":"https:\/\/api.w.org\/{rel}","templated":true}]}}