{"id":612,"date":"2024-02-10T14:29:32","date_gmt":"2024-02-10T14:29:32","guid":{"rendered":"https:\/\/ial.se\/?page_id=612"},"modified":"2025-11-20T10:34:57","modified_gmt":"2025-11-20T09:34:57","slug":"var-historia","status":"publish","type":"page","link":"https:\/\/ial.se\/en\/om-oss\/var-historia\/","title":{"rendered":"Our history"},"content":{"rendered":"<div data-elementor-type=\"wp-page\" data-elementor-id=\"612\" class=\"elementor elementor-612\">\n\t\t\t\t<div class=\"elementor-element elementor-element-4cc5081 e-con-full e-flex e-con e-parent\" data-id=\"4cc5081\" data-element_type=\"container\" data-e-type=\"container\">\n\t\t<div class=\"elementor-element elementor-element-df0c1d5 e-grid e-con-full e-con e-child\" data-id=\"df0c1d5\" data-element_type=\"container\" data-e-type=\"container\">\n\t\t<div class=\"elementor-element elementor-element-1ea1a88 e-con-full mx-width-3 e-flex e-con e-child\" data-id=\"1ea1a88\" data-element_type=\"container\" data-e-type=\"container\">\n\t\t\t\t<div class=\"elementor-element elementor-element-bdcab6f elementor-widget elementor-widget-heading\" data-id=\"bdcab6f\" data-element_type=\"widget\" data-e-type=\"widget\" data-widget_type=\"heading.default\">\n\t\t\t\t\t<h2 class=\"elementor-heading-title elementor-size-default\">Wolfgang Sonntag: from Dresden to Sweden<\/h2>\t\t\t\t<\/div>\n\t\t\t\t<div class=\"elementor-element elementor-element-a62ac20 elementor-widget elementor-widget-text-editor\" data-id=\"a62ac20\" data-element_type=\"widget\" data-e-type=\"widget\" data-widget_type=\"text-editor.default\">\n\t\t\t\t\t\t\t\t\tIAL was founded by <b>Wolfgang Sonntag<\/b>, a teacher and musician. He was born in 1911 in Dresden, Germany. During the 1930s, he was forced to leave his homeland because of his Jewish background and his political stance against Nazism.\t\t\t\t\t\t\t\t<\/div>\n\t\t\t\t<div class=\"elementor-element elementor-element-32067f2 elementor-widget elementor-widget-text-editor\" data-id=\"32067f2\" data-element_type=\"widget\" data-e-type=\"widget\" data-widget_type=\"text-editor.default\">\n\t\t\t\t\t\t\t\t\tFirst he traveled to England where he came into contact with the English branch of Service Civil International. Through volunteer work there he experienced a strong sense of community, openness and joy of life, something that gave him inspiration and strength.\t\t\t\t\t\t\t\t<\/div>\n\t\t\t\t<div class=\"elementor-element elementor-element-bbac23a elementor-widget elementor-widget-text-editor\" data-id=\"bbac23a\" data-element_type=\"widget\" data-e-type=\"widget\" data-widget_type=\"text-editor.default\">\n\t\t\t\t\t\t\t\t\tLater, Wolfgang moved to Norway, where he worked as a teacher and organised a volunteer work team. The group was ready to travel to Finland in the spring of 1940 to participate in the reconstruction work after the Winter War. However, the plans were stopped when Germany occupied Norway that same year. Wolfgang then fled to Sweden, where he continued his fight for peace and volunteer work.\t\t\t\t\t\t\t\t<\/div>\n\t\t\t\t<\/div>\n\t\t<div class=\"elementor-element elementor-element-fc511fd e-con-full e-flex e-con e-child\" data-id=\"fc511fd\" data-element_type=\"container\" data-e-type=\"container\" data-settings=\"{&quot;background_background&quot;:&quot;classic&quot;}\">\n\t\t\t\t<\/div>\n\t\t\t\t<\/div>\n\t\t<div class=\"elementor-element elementor-element-4784d6a e-grid e-con-full e-con e-child\" data-id=\"4784d6a\" data-element_type=\"container\" data-e-type=\"container\" data-settings=\"{&quot;background_background&quot;:&quot;classic&quot;}\">\n\t\t<div class=\"elementor-element elementor-element-d3a494e e-con-full e-flex e-con e-child\" data-id=\"d3a494e\" data-element_type=\"container\" data-e-type=\"container\" data-settings=\"{&quot;background_background&quot;:&quot;classic&quot;}\">\n\t\t\t\t<\/div>\n\t\t<div class=\"elementor-element elementor-element-ca7886d e-con-full mx-width-3 e-flex e-con e-child\" data-id=\"ca7886d\" data-element_type=\"container\" data-e-type=\"container\">\n\t\t\t\t<div class=\"elementor-element elementor-element-9c273c2 elementor-widget elementor-widget-heading\" data-id=\"9c273c2\" data-element_type=\"widget\" data-e-type=\"widget\" data-widget_type=\"heading.default\">\n\t\t\t\t\t<h2 class=\"elementor-heading-title elementor-size-default\">Sweden and the first steps towards IAL<\/h2>\t\t\t\t<\/div>\n\t\t\t\t<div class=\"elementor-element elementor-element-1021c83 elementor-widget elementor-widget-text-editor\" data-id=\"1021c83\" data-element_type=\"widget\" data-e-type=\"widget\" data-widget_type=\"text-editor.default\">\n\t\t\t\t\t\t\t\t\tWhen Wolfgang arrived in Sweden, he found that there was already a branch of Service Civil International, but it was dormant. He encountered resistance and felt that the Swedish youth did not understand the deep crisis of values \u200b\u200bthat the world was experiencing during the war years.\t\t\t\t\t\t\t\t<\/div>\n\t\t\t\t<div class=\"elementor-element elementor-element-b8d75dc elementor-widget elementor-widget-text-editor\" data-id=\"b8d75dc\" data-element_type=\"widget\" data-e-type=\"widget\" data-widget_type=\"text-editor.default\">\n\t\t\t\t\t\t\t\t\tHe found it difficult to get Swedish youth organisations involved in issues related to building peace outside the country's borders. Wolfgang experienced Sweden as \u201cthe country without volunteers.\u201d\t\t\t\t\t\t\t\t<\/div>\n\t\t\t\t<div class=\"elementor-element elementor-element-153c63c elementor-widget elementor-widget-text-editor\" data-id=\"153c63c\" data-element_type=\"widget\" data-e-type=\"widget\" data-widget_type=\"text-editor.default\">\n\t\t\t\t\t\t\t\t\tHowever, in his meeting with the non-profit youth movement Frisksportarna, he found the enthusiasm and idealism he had been looking for. From their activities, the Internationella Arbetslag (IAL) was born. In 1942, the Frisksportf\u00f6rbundet organised a study leadership course in Norrhyttan in southern Dalarna. <b>Wolfgang participated and proposed a six-month training course where young people would be trained as peace pioneers<\/b>.\t\t\t\t\t\t\t\t<\/div>\n\t\t\t\t<div class=\"elementor-element elementor-element-69b07dd elementor-widget elementor-widget-text-editor\" data-id=\"69b07dd\" data-element_type=\"widget\" data-e-type=\"widget\" data-widget_type=\"text-editor.default\">\n\t\t\t\t\t\t\t\t\tThe first school started in November of that year in an abandoned miners' farm, where the participants studied languages, psychology and Samaritan service in the mornings, while working for a forestry company to support the business.\t\t\t\t\t\t\t\t<\/div>\n\t\t\t\t<\/div>\n\t\t\t\t<\/div>\n\t\t<div class=\"elementor-element elementor-element-892c167 e-grid e-con-full e-con e-child\" data-id=\"892c167\" data-element_type=\"container\" data-e-type=\"container\">\n\t\t<div class=\"elementor-element elementor-element-e273a6e e-con-full mx-width-3 e-flex e-con e-child\" data-id=\"e273a6e\" data-element_type=\"container\" data-e-type=\"container\">\n\t\t\t\t<div class=\"elementor-element elementor-element-702d671 elementor-widget elementor-widget-heading\" data-id=\"702d671\" data-element_type=\"widget\" data-e-type=\"widget\" data-widget_type=\"heading.default\">\n\t\t\t\t\t<h2 class=\"elementor-heading-title elementor-size-default\">The Pioneer School, the conferences and the first courses<\/h2>\t\t\t\t<\/div>\n\t\t\t\t<div class=\"elementor-element elementor-element-1b936af elementor-widget elementor-widget-text-editor\" data-id=\"1b936af\" data-element_type=\"widget\" data-e-type=\"widget\" data-widget_type=\"text-editor.default\">\n\t\t\t\t\t\t\t\t\tDespite many setbacks, Wolfgang's pioneer school in Norrhyttan began to grow, although conflicts within the group made the work difficult. <b>By Christmas 1942, only four of the original nineteen participants had remained<\/b>.\t\t\t\t\t\t\t\t<\/div>\n\t\t\t\t<div class=\"elementor-element elementor-element-84dc423 elementor-widget elementor-widget-text-editor\" data-id=\"84dc423\" data-element_type=\"widget\" data-e-type=\"widget\" data-widget_type=\"text-editor.default\">\n\t\t\t\t\t\t\t\t\tAt the same time, Wolfgang organised a conference together with the Quakers in Stockholm. On January 7, 1943, a large gathering was held in Viggbyholm, with over a hundred participants. This became the first real impetus for Swedish action to plan relief efforts after the war. Later that year, Wolfgang gathered thirteen people for a new meeting on Liding\u00f6. Among the participants was the well-known Quaker Emilia Fogelklou Norlind, who inspired the group by telling them about American volunteer camps.\t\t\t\t\t\t\t\t<\/div>\n\t\t\t\t<div class=\"elementor-element elementor-element-a928db2 elementor-widget elementor-widget-text-editor\" data-id=\"a928db2\" data-element_type=\"widget\" data-e-type=\"widget\" data-widget_type=\"text-editor.default\">\n\t\t\t\t\t\t\t\t\tIn the autumn of 1943, the first two real courses were started near Nissafors in Sm\u00e5land. They were based on a program statement about peace work and at the same time participated in practical work at Danish refugee camps. This marked the beginning of IAL's activities as a movement where studies, physical training and practical work were combined.\t\t\t\t\t\t\t\t<\/div>\n\t\t\t\t<\/div>\n\t\t<div class=\"elementor-element elementor-element-1cc3a8e e-con-full elementor-hidden-tablet e-flex e-con e-child\" data-id=\"1cc3a8e\" data-element_type=\"container\" data-e-type=\"container\" data-settings=\"{&quot;background_background&quot;:&quot;classic&quot;}\">\n\t\t\t\t<\/div>\n\t\t\t\t<\/div>\n\t\t<div class=\"elementor-element elementor-element-6f4400a e-grid e-con-full e-con e-child\" data-id=\"6f4400a\" data-element_type=\"container\" data-e-type=\"container\" data-settings=\"{&quot;background_background&quot;:&quot;classic&quot;}\">\n\t\t<div class=\"elementor-element elementor-element-df325fe e-con-full e-flex e-con e-child\" data-id=\"df325fe\" data-element_type=\"container\" data-e-type=\"container\" data-settings=\"{&quot;background_background&quot;:&quot;classic&quot;}\">\n\t\t\t\t<\/div>\n\t\t<div class=\"elementor-element elementor-element-3d98752 e-con-full mx-width-3 e-flex e-con e-child\" data-id=\"3d98752\" data-element_type=\"container\" data-e-type=\"container\">\n\t\t\t\t<div class=\"elementor-element elementor-element-b05741c elementor-widget elementor-widget-heading\" data-id=\"b05741c\" data-element_type=\"widget\" data-e-type=\"widget\" data-widget_type=\"heading.default\">\n\t\t\t\t\t<h2 class=\"elementor-heading-title elementor-size-default\">Post-war years and international efforts<\/h2>\t\t\t\t<\/div>\n\t\t\t\t<div class=\"elementor-element elementor-element-c28cc29 elementor-widget elementor-widget-text-editor\" data-id=\"c28cc29\" data-element_type=\"widget\" data-e-type=\"widget\" data-widget_type=\"text-editor.default\">\n\t\t\t\t\t\t\t\t\tWhen World War II ended, the organisation was ready to act. Already during the final stages of the war, IAL had conducted around twenty courses that helped refugees, concentration camp survivors and people in rural areas through work in agriculture and forestry.\t\t\t\t\t\t\t\t<\/div>\n\t\t\t\t<div class=\"elementor-element elementor-element-4ae48e7 elementor-widget elementor-widget-text-editor\" data-id=\"4ae48e7\" data-element_type=\"widget\" data-e-type=\"widget\" data-widget_type=\"text-editor.default\">\n\t\t\t\t\t\t\t\t\tThe ambition was for Swedish youth to lead the way for a new peace movement, where small groups of volunteers could contribute to reconstruction in the war-torn parts of Europe. At the same time, the aim was to foster a peaceful mindset that would make future wars impossible.\t\t\t\t\t\t\t\t<\/div>\n\t\t\t\t<div class=\"elementor-element elementor-element-63f9afd elementor-widget elementor-widget-text-editor\" data-id=\"63f9afd\" data-element_type=\"widget\" data-e-type=\"widget\" data-widget_type=\"text-editor.default\">\n\t\t\t\t\t\t\t\t\tHowever, the authorities in Europe were skeptical about accepting help from a small, unknown organisation, and <b>IAL was instead allowed to organise volunteer teams in Sweden<\/b>. A center was opened in 1946 in Ulvsunda, in the so-called \u201cKr\u00e5kslottet\u201d, where home help services were provided for families with many children.\t\t\t\t\t\t\t\t<\/div>\n\t\t\t\t<div class=\"elementor-element elementor-element-c28938d elementor-widget elementor-widget-text-editor\" data-id=\"c28938d\" data-element_type=\"widget\" data-e-type=\"widget\" data-widget_type=\"text-editor.default\">\n\t\t\t\t\t\t\t\t\tShortly afterwards, IAL was able to send volunteers to Finnmark in northern Norway, which the Germans had burned down during their retreat. Shortly afterwards, groups were also sent to Poland in cooperation with the Intra-European Mission and later to Germany. The ambition to combine practical aid work with ideological peace work continued, but conflicts both within the organisation and with authorities made development difficult.\t\t\t\t\t\t\t\t<\/div>\n\t\t\t\t<div class=\"elementor-element elementor-element-161f6e3 elementor-widget elementor-widget-text-editor\" data-id=\"161f6e3\" data-element_type=\"widget\" data-e-type=\"widget\" data-widget_type=\"text-editor.default\">\n\t\t\t\t\t\t\t\t\tIn 1950, IAL's most ambitious project in Germany was completed, and the movement evolved into an office for organising volunteer camps. During the 1960s, IAL officially became a branch of Service Civil International.\t\t\t\t\t\t\t\t<\/div>\n\t\t\t\t<\/div>\n\t\t\t\t<\/div>\n\t\t<div class=\"elementor-element elementor-element-bc7fe98 e-grid e-con-full e-con e-child\" data-id=\"bc7fe98\" data-element_type=\"container\" data-e-type=\"container\">\n\t\t<div class=\"elementor-element elementor-element-997e2bf e-con-full mx-width-3 e-flex e-con e-child\" data-id=\"997e2bf\" data-element_type=\"container\" data-e-type=\"container\">\n\t\t\t\t<div class=\"elementor-element elementor-element-9246c96 elementor-widget elementor-widget-heading\" data-id=\"9246c96\" data-element_type=\"widget\" data-e-type=\"widget\" data-widget_type=\"heading.default\">\n\t\t\t\t\t<h2 class=\"elementor-heading-title elementor-size-default\">Wolfgang Sonntag: life's work and legacy<\/h2>\t\t\t\t<\/div>\n\t\t\t\t<div class=\"elementor-element elementor-element-8f73f10 elementor-widget elementor-widget-text-editor\" data-id=\"8f73f10\" data-element_type=\"widget\" data-e-type=\"widget\" data-widget_type=\"text-editor.default\">\n\t\t\t\t\t\t\t\t\tWolfgang Sonntag continued to be a visionary throughout his life. He was involved in aid work in several African countries, in South America and in the United States. He wrote books, translated works by, among others, Ivar Lo-Johansson and Emilia Fogelklou, and set poems by Karin Boye to music.\t\t\t\t\t\t\t\t<\/div>\n\t\t\t\t<div class=\"elementor-element elementor-element-4283f0b elementor-widget elementor-widget-text-editor\" data-id=\"4283f0b\" data-element_type=\"widget\" data-e-type=\"widget\" data-widget_type=\"text-editor.default\">\n\t\t\t\t\t\t\t\t\tHe also worked as a music and language teacher in the Stockholm area and was particularly interested in music education for preschool children. <b>In 1962, he took the initiative for the Nordics' first Peace Corps course in Glabo, Sm\u00e5land, which became the model for Norway's first course the following year<\/b>.\t\t\t\t\t\t\t\t<\/div>\n\t\t\t\t<div class=\"elementor-element elementor-element-a1499ed elementor-widget elementor-widget-text-editor\" data-id=\"a1499ed\" data-element_type=\"widget\" data-e-type=\"widget\" data-widget_type=\"text-editor.default\">\n\t\t\t\t\t\t\t\t\tDuring his final years, Wolfgang devoted himself to summarising the philosophical and socio-political basis for his peace work. His life came to a tragic end when he fell seriously ill and died in 1970, being only 59 years old.\t\t\t\t\t\t\t\t<\/div>\n\t\t\t\t<div class=\"elementor-element elementor-element-0baea86 elementor-widget elementor-widget-text-editor\" data-id=\"0baea86\" data-element_type=\"widget\" data-e-type=\"widget\" data-widget_type=\"text-editor.default\">\n\t\t\t\t\t\t\t\t\tHe left behind two unpublished manuscripts and a comprehensive life's work. His entire work was shaped by the experience of how Germany had been crushed by Nazism and militarism, and his life became an expression of an unbroken faith in peace, solidarity and human community.\t\t\t\t\t\t\t\t<\/div>\n\t\t\t\t<\/div>\n\t\t<div class=\"elementor-element elementor-element-4091f94 e-con-full e-flex e-con e-child\" data-id=\"4091f94\" data-element_type=\"container\" data-e-type=\"container\" data-settings=\"{&quot;background_background&quot;:&quot;classic&quot;}\">\n\t\t\t\t<\/div>\n\t\t\t\t<\/div>\n\t\t\t\t<\/div>\n\t\t\t\t<\/div>","protected":false},"excerpt":{"rendered":"<p>Wolfgang Sonntag: fr\u00e5n Dresden till Sverige IAL grundades av Wolfgang Sonntag, som var b\u00e5de l\u00e4rare och musiker. Han f\u00f6ddes 1911 i Dresden, Tyskland. Under 1930-talet tvingades han l\u00e4mna sitt hemland p\u00e5 grund av sin judiska bakgrund och sin politiska h\u00e5llning mot nazismen.F\u00f6rst reste han till England d\u00e4r han kom i kontakt med den engelska grenen [&hellip;]<\/p>\n","protected":false},"author":6,"featured_media":0,"parent":31,"menu_order":0,"comment_status":"closed","ping_status":"closed","template":"elementor_header_footer","meta":{"_acf_changed":false,"footnotes":""},"class_list":["post-612","page","type-page","status-publish","hentry"],"acf":[],"aioseo_notices":[],"_links":{"self":[{"href":"https:\/\/ial.se\/en\/wp-json\/wp\/v2\/pages\/612","targetHints":{"allow":["GET"]}}],"collection":[{"href":"https:\/\/ial.se\/en\/wp-json\/wp\/v2\/pages"}],"about":[{"href":"https:\/\/ial.se\/en\/wp-json\/wp\/v2\/types\/page"}],"author":[{"embeddable":true,"href":"https:\/\/ial.se\/en\/wp-json\/wp\/v2\/users\/6"}],"replies":[{"embeddable":true,"href":"https:\/\/ial.se\/en\/wp-json\/wp\/v2\/comments?post=612"}],"version-history":[{"count":0,"href":"https:\/\/ial.se\/en\/wp-json\/wp\/v2\/pages\/612\/revisions"}],"up":[{"embeddable":true,"href":"https:\/\/ial.se\/en\/wp-json\/wp\/v2\/pages\/31"}],"wp:attachment":[{"href":"https:\/\/ial.se\/en\/wp-json\/wp\/v2\/media?parent=612"}],"curies":[{"name":"wp","href":"https:\/\/api.w.org\/{rel}","templated":true}]}}